{"id":97,"date":"2023-06-13T11:52:46","date_gmt":"2023-06-13T11:52:46","guid":{"rendered":"https:\/\/presscouncil-ks.org\/?page_id=97"},"modified":"2026-01-14T15:49:06","modified_gmt":"2026-01-14T15:49:06","slug":"parashtro-ankesen","status":"publish","type":"page","link":"http:\/\/presscouncil-ks.org\/?page_id=97","title":{"rendered":"Parashtro ankes\u00ebn"},"content":{"rendered":"<h2>Vet\u00ebrregullimi i mediave t\u00eb shkruara dhe online nuk do t\u00eb arrihej pa rolin e lexuesve dhe vizitor\u00ebve t\u00eb k\u00ebtyre mediave.<\/h2>\n<p>D\u00ebrgimi i ankesave kund\u00ebr gazetaris\u00eb joprofesionale, e cila nuk respekton Kodin e Mediave t\u00eb Shkruara t\u00eb Kosov\u00ebs, nj\u00ebherit mbron lirin\u00eb e fjal\u00ebs dhe t\u00eb drejt\u00ebn p\u00ebr t\u00eb v\u00ebrtet\u00ebn.<\/p>\n<h2>Ankesa n\u00eb K\u00ebshillin e Mediave t\u00eb Shkruara t\u00eb Kosov\u00ebs<\/h2>\n<p>Vet\u00ebrregullimi i mediave t\u00eb shkruara dhe elektronike nuk do t\u00eb arrihej pa rolin e lexuesve dhe vizitor\u00ebve t\u00eb k\u00ebtyre mediave.<br \/>\nD\u00ebrgimi i ankesave kund\u00ebr gazetaris\u00eb joprofesionale, e cila nuk respekton Kodin e Mediave t\u00eb Shkruara t\u00eb Kosov\u00ebs, nj\u00ebherit mbron lirin\u00eb e fjal\u00ebs dhe t\u00eb drejt\u00ebn p\u00ebr t\u00eb v\u00ebrtet\u00ebn.<\/p>\n<h2>Si t\u00eb parashtroni nj\u00eb ankes\u00eb?<\/h2>\n<p>Ankes\u00ebn n\u00eb KMSHK mund ta d\u00ebrgoni me shkrim, p\u00ebrmes post\u00ebs s\u00eb rregullt ose post\u00ebs elektronike.<br \/>\nK\u00ebrkohet q\u00eb ta cekni mediumit kund\u00ebr t\u00eb cilit ankoheni, shkrimin, dat\u00ebn e botimit t\u00eb shkrimit si dhe ku mendoni se mediumi n\u00eb rastin tuaj ka shkelur Kodin e Mediave t\u00eb Shkruara t\u00eb Kosov\u00ebs. Ankes\u00ebs me shkrim duhet t\u2019i bashkangjitet kopja e shkrimit t\u00eb mediumit, respektivisht veg\u00ebza e shkrimit t\u00eb mediumit elektonik.<\/p>\n<h3>Gjithsesi duhet t\u00eb cekni n\u00ebse k\u00ebrkoni:<\/h3>\n<ul>\n<li>t\u00eb botohet p\u00ebrg\u00ebnjeshtrimi juaj;<\/li>\n<li>korrigjimi;<\/li>\n<li>plot\u00ebsimi i shkrimit t\u00eb botuar; ose<\/li>\n<li>k\u00ebrkimfalja;<\/li>\n<\/ul>\n<blockquote><p>K\u00ebshilli i Mediave t\u00eb Shkruara t\u00eb Kosov\u00ebs do t\u00eb marr\u00eb n\u00eb shqyrtim ankesat t\u00eb cilat arrijn\u00eb brenda nj\u00eb muaji nga data e botimit t\u00eb shkrimit t\u00eb kontestuar.<\/p><\/blockquote>\n<h2>Procedurat e m\u00ebtutjeshme<\/h2>\n<ul>\n<li>Sekretaria e K\u00ebshillit t\u00eb Mediave t\u00eb Shkruara do t\u00eb kontakoj\u00eb redaksin\u00eb kund\u00ebr t\u00eb cil\u00ebs \u00ebsht\u00eb d\u00ebrguar ankesa, nga e cila do t\u00eb k\u00ebrkohet p\u00ebrgjigjia e saj ose spjegimi lidhur me ankes\u00ebn.<\/li>\n<li>Sekretaria mund ta shfryt\u00ebzoj\u00eb edhe t\u00eb drejt\u00ebn e nd\u00ebrmjet\u00ebsimit midis ankuesit dhe redaksis\u00eb p\u00ebr t\u00eb qart\u00ebsuar rastin e kontestuesh\u00ebm.<\/li>\n<li>N\u00ebse nuk arrihet marr\u00ebveshja p\u00ebr botimin e reagimit, korrigjimit, ose k\u00ebrkimfaljes nga ana e redaksis\u00eb, sekretaria e d\u00ebrgon ankes\u00ebn p\u00ebr shqyrtim tek Bordi i K\u00ebshillit t\u00eb Mediave t\u00eb Shkruara t\u00eb Kosov\u00ebs.<\/li>\n<\/ul>\n<h2>M\u00ebnyrat e d\u00ebrgimit t\u00eb ankes\u00ebs n\u00eb KMSHK<\/h2>\n<div class=\"grid complaint-form-grid\">\n<div class=\"col details\">\n<h3>Plot\u00ebso form\u00ebn e m\u00ebposhtme<\/h3>\n\n<div class=\"wpcf7 no-js\" id=\"wpcf7-f326-o1\" lang=\"en-US\" dir=\"ltr\" data-wpcf7-id=\"326\">\n<div class=\"screen-reader-response\"><p role=\"status\" aria-live=\"polite\" aria-atomic=\"true\"><\/p> <ul><\/ul><\/div>\n<form action=\"\/index.php?rest_route=%2Fwp%2Fv2%2Fpages%2F97#wpcf7-f326-o1\" method=\"post\" class=\"wpcf7-form init\" aria-label=\"Contact form\" enctype=\"multipart\/form-data\" novalidate=\"novalidate\" data-status=\"init\">\n<fieldset class=\"hidden-fields-container\"><input type=\"hidden\" name=\"_wpcf7\" value=\"326\" \/><input type=\"hidden\" name=\"_wpcf7_version\" value=\"6.1.7\" \/><input type=\"hidden\" name=\"_wpcf7_locale\" value=\"en_US\" \/><input type=\"hidden\" name=\"_wpcf7_unit_tag\" value=\"wpcf7-f326-o1\" \/><input type=\"hidden\" name=\"_wpcf7_container_post\" value=\"0\" \/><input type=\"hidden\" name=\"_wpcf7_posted_data_hash\" value=\"\" \/><input type=\"hidden\" name=\"_wpcf7_recaptcha_response\" value=\"\" \/>\n<\/fieldset>\n<div class=\"grid form-grid contact-page-wrapper file-complaint-form\">\n\t<div class=\"col\">\n\t\t<div class=\"input-wrapper\">\n\t\t\t<p><span class=\"wpcf7-form-control-wrap\" data-name=\"text-707\"><input size=\"40\" maxlength=\"400\" class=\"wpcf7-form-control wpcf7-text wpcf7-validates-as-required\" id=\"nameInput\" aria-required=\"true\" aria-invalid=\"false\" placeholder=\"Emri*\" value=\"\" type=\"text\" name=\"text-707\" \/><\/span>\n\t\t\t<\/p>\n\t\t<\/div>\n\t<\/div>\n\t<div class=\"col\">\n\t\t<div class=\"input-wrapper\">\n\t\t\t<p><span class=\"wpcf7-form-control-wrap\" data-name=\"text-707\"><input size=\"40\" maxlength=\"400\" class=\"wpcf7-form-control wpcf7-text wpcf7-validates-as-required\" id=\"surnameInput\" aria-required=\"true\" aria-invalid=\"false\" placeholder=\"Mbiemri*\" value=\"\" type=\"text\" name=\"text-707\" \/><\/span>\n\t\t\t<\/p>\n\t\t<\/div>\n\t<\/div>\n\t<div class=\"col\">\n\t\t<div class=\"input-wrapper\">\n\t\t\t<p><span class=\"wpcf7-form-control-wrap\" data-name=\"email-780\"><input size=\"40\" maxlength=\"400\" class=\"wpcf7-form-control wpcf7-email wpcf7-validates-as-required wpcf7-text wpcf7-validates-as-email\" id=\"emailInput\" aria-required=\"true\" aria-invalid=\"false\" placeholder=\"Emaili*\" value=\"\" type=\"email\" name=\"email-780\" \/><\/span>\n\t\t\t<\/p>\n\t\t<\/div>\n\t<\/div>\n\t<div class=\"col\">\n\t\t<div class=\"input-wrapper custom-input\">\n\t\t\t<p><label for=\"file-321\" id=\"custom-input-label\"><span class=\"upload-file\">Ngarko dokumentin<\/span><\/label><br \/>\n<span class=\"wpcf7-form-control-wrap\" data-name=\"file-321\"><input size=\"40\" class=\"wpcf7-form-control wpcf7-file\" id=\"custom-file-input\" accept=\"audio\/*,video\/*,image\/*\" aria-invalid=\"false\" type=\"file\" name=\"file-321\" \/><\/span>\n\t\t\t<\/p>\n\t\t<\/div>\n\t<\/div>\n\t<div class=\"col\">\n\t\t<div class=\"input-wrapper\">\n\t\t\t<p><span class=\"wpcf7-form-control-wrap\" data-name=\"textarea-494\"><textarea cols=\"40\" rows=\"10\" maxlength=\"2000\" class=\"wpcf7-form-control wpcf7-textarea wpcf7-validates-as-required\" id=\"subjectInput\" aria-required=\"true\" aria-invalid=\"false\" placeholder=\"Arsyeja*\" name=\"textarea-494\"><\/textarea><\/span>\n\t\t\t<\/p>\n\t\t<\/div>\n\t<\/div>\n\t<div class=\"col\">\n\t\t<div class=\"input-wrapper\">\n\t\t\t<p><input class=\"wpcf7-form-control wpcf7-submit has-spinner submit-btn\" id=\"submitInput\" type=\"submit\" value=\"D\u00ebrgo\" \/>\n\t\t\t<\/p>\n\t\t<\/div>\n\t<\/div>\n<\/div><div class=\"wpcf7-response-output\" aria-hidden=\"true\"><\/div>\n<\/form>\n<\/div>\n\n<h3>P\u00ebrmes post\u00ebs s\u00eb rregullt:<\/h3>\n<p><strong>Adresa:<\/strong><b>\u00a0<\/b>Rr. \u201cImzot Nik\u00eb Prela\u201d, D9, hyrja 4, nr. 2, Ulpian\u00eb, 10000 Prishtin\u00eb<\/p>\n<p><b><strong>P\u00ebrmes post\u00ebs elektronike:<\/strong> <\/b><a href=\"mailto:presscouncil.kosovo@gmail.com\">presscouncil.kosovo@gmail.com<\/a><\/p>\n<\/div>\n<div class=\"col\"><\/div>\n<\/div>\n<p>&nbsp;<\/p>\n","protected":false},"excerpt":{"rendered":"<p>Vet\u00ebrregullimi i mediave t\u00eb shkruara dhe online nuk do t\u00eb arrihej pa rolin e lexuesve dhe vizitor\u00ebve t\u00eb k\u00ebtyre mediave. D\u00ebrgimi i ankesave kund\u00ebr gazetaris\u00eb joprofesionale, e cila nuk respekton Kodin e Mediave t\u00eb Shkruara t\u00eb Kosov\u00ebs, nj\u00ebherit mbron lirin\u00eb e fjal\u00ebs dhe t\u00eb drejt\u00ebn p\u00ebr t\u00eb v\u00ebrtet\u00ebn. Ankesa n\u00eb K\u00ebshillin e Mediave t\u00eb Shkruara [&hellip;]<\/p>\n","protected":false},"author":1,"featured_media":0,"parent":0,"menu_order":0,"comment_status":"closed","ping_status":"closed","template":"template-parts\/filing-complaint.php","meta":{"footnotes":""},"class_list":["post-97","page","type-page","status-publish","hentry"],"acf":{"title":"Parashtrimi i Ankes\u00ebs","subtitle":"RRETH NESH \u2022 FORMA E ANKES\u00cbS"},"yoast_head":"<!-- This site is optimized with the Yoast SEO plugin v28.3 - https:\/\/yoast.com\/product\/yoast-seo-wordpress\/ -->\n<title>Parashtro ankes\u00ebn - K\u00ebshilli i Mediave t\u00eb Shkruara t\u00eb Kosov\u00ebs | P\u00ebr nj\u00eb gazetari etike dhe profesionale<\/title>\n<meta name=\"robots\" content=\"index, follow, max-snippet:-1, max-image-preview:large, max-video-preview:-1\" \/>\n<link rel=\"canonical\" href=\"http:\/\/presscouncil-ks.org\/?page_id=97\" \/>\n<meta property=\"og:locale\" content=\"en_US\" \/>\n<meta property=\"og:type\" content=\"article\" \/>\n<meta property=\"og:title\" content=\"Parashtro ankes\u00ebn - K\u00ebshilli i Mediave t\u00eb Shkruara t\u00eb Kosov\u00ebs | P\u00ebr nj\u00eb gazetari etike dhe profesionale\" \/>\n<meta property=\"og:description\" content=\"Vet\u00ebrregullimi i mediave t\u00eb shkruara dhe online nuk do t\u00eb arrihej pa rolin e lexuesve dhe vizitor\u00ebve t\u00eb k\u00ebtyre mediave. D\u00ebrgimi i ankesave kund\u00ebr gazetaris\u00eb joprofesionale, e cila nuk respekton Kodin e Mediave t\u00eb Shkruara t\u00eb Kosov\u00ebs, nj\u00ebherit mbron lirin\u00eb e fjal\u00ebs dhe t\u00eb drejt\u00ebn p\u00ebr t\u00eb v\u00ebrtet\u00ebn. Ankesa n\u00eb K\u00ebshillin e Mediave t\u00eb Shkruara [&hellip;]\" \/>\n<meta property=\"og:url\" content=\"http:\/\/presscouncil-ks.org\/?page_id=97\" \/>\n<meta property=\"og:site_name\" content=\"K\u00ebshilli i Mediave t\u00eb Shkruara t\u00eb Kosov\u00ebs | P\u00ebr nj\u00eb gazetari etike dhe profesionale\" \/>\n<meta property=\"article:publisher\" content=\"https:\/\/www.facebook.com\/KMSHKosove\" \/>\n<meta property=\"article:modified_time\" content=\"2026-01-14T15:49:06+00:00\" \/>\n<meta name=\"twitter:card\" content=\"summary_large_image\" \/>\n<meta name=\"twitter:label1\" content=\"Est. reading time\" \/>\n\t<meta name=\"twitter:data1\" content=\"2 minutes\" \/>\n<script type=\"application\/ld+json\" class=\"yoast-schema-graph\">{\"@context\":\"https:\\\/\\\/schema.org\",\"@graph\":[{\"@type\":\"WebPage\",\"@id\":\"http:\\\/\\\/presscouncil-ks.org\\\/?page_id=97\",\"url\":\"http:\\\/\\\/presscouncil-ks.org\\\/?page_id=97\",\"name\":\"Parashtro ankes\u00ebn - K\u00ebshilli i Mediave t\u00eb Shkruara t\u00eb Kosov\u00ebs | P\u00ebr nj\u00eb gazetari etike dhe profesionale\",\"isPartOf\":{\"@id\":\"http:\\\/\\\/presscouncil-ks.org\\\/#website\"},\"datePublished\":\"2023-06-13T11:52:46+00:00\",\"dateModified\":\"2026-01-14T15:49:06+00:00\",\"breadcrumb\":{\"@id\":\"http:\\\/\\\/presscouncil-ks.org\\\/?page_id=97#breadcrumb\"},\"inLanguage\":\"en-US\",\"potentialAction\":[{\"@type\":\"ReadAction\",\"target\":[\"http:\\\/\\\/presscouncil-ks.org\\\/?page_id=97\"]}]},{\"@type\":\"BreadcrumbList\",\"@id\":\"http:\\\/\\\/presscouncil-ks.org\\\/?page_id=97#breadcrumb\",\"itemListElement\":[{\"@type\":\"ListItem\",\"position\":1,\"name\":\"Home\",\"item\":\"https:\\\/\\\/presscouncil-ks.org\\\/\"},{\"@type\":\"ListItem\",\"position\":2,\"name\":\"Parashtro ankes\u00ebn\"}]},{\"@type\":\"WebSite\",\"@id\":\"http:\\\/\\\/presscouncil-ks.org\\\/#website\",\"url\":\"http:\\\/\\\/presscouncil-ks.org\\\/\",\"name\":\"https:\\\/\\\/presscouncil-ks.org\\\/\",\"description\":\"\",\"publisher\":{\"@id\":\"http:\\\/\\\/presscouncil-ks.org\\\/#organization\"},\"potentialAction\":[{\"@type\":\"SearchAction\",\"target\":{\"@type\":\"EntryPoint\",\"urlTemplate\":\"http:\\\/\\\/presscouncil-ks.org\\\/?s={search_term_string}\"},\"query-input\":{\"@type\":\"PropertyValueSpecification\",\"valueRequired\":true,\"valueName\":\"search_term_string\"}}],\"inLanguage\":\"en-US\"},{\"@type\":\"Organization\",\"@id\":\"http:\\\/\\\/presscouncil-ks.org\\\/#organization\",\"name\":\"K\u00ebshilli i Mediave t\u00eb Shkruara t\u00eb Kosov\u00ebs\",\"url\":\"http:\\\/\\\/presscouncil-ks.org\\\/\",\"logo\":{\"@type\":\"ImageObject\",\"inLanguage\":\"en-US\",\"@id\":\"http:\\\/\\\/presscouncil-ks.org\\\/#\\\/schema\\\/logo\\\/image\\\/\",\"url\":\"http:\\\/\\\/presscouncil-ks.org\\\/wp-content\\\/uploads\\\/2023\\\/06\\\/cropped-logo.png\",\"contentUrl\":\"http:\\\/\\\/presscouncil-ks.org\\\/wp-content\\\/uploads\\\/2023\\\/06\\\/cropped-logo.png\",\"width\":268,\"height\":166,\"caption\":\"K\u00ebshilli i Mediave t\u00eb Shkruara t\u00eb Kosov\u00ebs\"},\"image\":{\"@id\":\"http:\\\/\\\/presscouncil-ks.org\\\/#\\\/schema\\\/logo\\\/image\\\/\"},\"sameAs\":[\"https:\\\/\\\/www.facebook.com\\\/KMSHKosove\"]}]}<\/script>\n<!-- \/ Yoast SEO plugin. -->","yoast_head_json":{"title":"Parashtro ankes\u00ebn - K\u00ebshilli i Mediave t\u00eb Shkruara t\u00eb Kosov\u00ebs | P\u00ebr nj\u00eb gazetari etike dhe profesionale","robots":{"index":"index","follow":"follow","max-snippet":"max-snippet:-1","max-image-preview":"max-image-preview:large","max-video-preview":"max-video-preview:-1"},"canonical":"http:\/\/presscouncil-ks.org\/?page_id=97","og_locale":"en_US","og_type":"article","og_title":"Parashtro ankes\u00ebn - K\u00ebshilli i Mediave t\u00eb Shkruara t\u00eb Kosov\u00ebs | P\u00ebr nj\u00eb gazetari etike dhe profesionale","og_description":"Vet\u00ebrregullimi i mediave t\u00eb shkruara dhe online nuk do t\u00eb arrihej pa rolin e lexuesve dhe vizitor\u00ebve t\u00eb k\u00ebtyre mediave. D\u00ebrgimi i ankesave kund\u00ebr gazetaris\u00eb joprofesionale, e cila nuk respekton Kodin e Mediave t\u00eb Shkruara t\u00eb Kosov\u00ebs, nj\u00ebherit mbron lirin\u00eb e fjal\u00ebs dhe t\u00eb drejt\u00ebn p\u00ebr t\u00eb v\u00ebrtet\u00ebn. Ankesa n\u00eb K\u00ebshillin e Mediave t\u00eb Shkruara [&hellip;]","og_url":"http:\/\/presscouncil-ks.org\/?page_id=97","og_site_name":"K\u00ebshilli i Mediave t\u00eb Shkruara t\u00eb Kosov\u00ebs | P\u00ebr nj\u00eb gazetari etike dhe profesionale","article_publisher":"https:\/\/www.facebook.com\/KMSHKosove","article_modified_time":"2026-01-14T15:49:06+00:00","twitter_card":"summary_large_image","twitter_misc":{"Est. reading time":"2 minutes"},"schema":{"@context":"https:\/\/schema.org","@graph":[{"@type":"WebPage","@id":"http:\/\/presscouncil-ks.org\/?page_id=97","url":"http:\/\/presscouncil-ks.org\/?page_id=97","name":"Parashtro ankes\u00ebn - K\u00ebshilli i Mediave t\u00eb Shkruara t\u00eb Kosov\u00ebs | P\u00ebr nj\u00eb gazetari etike dhe profesionale","isPartOf":{"@id":"http:\/\/presscouncil-ks.org\/#website"},"datePublished":"2023-06-13T11:52:46+00:00","dateModified":"2026-01-14T15:49:06+00:00","breadcrumb":{"@id":"http:\/\/presscouncil-ks.org\/?page_id=97#breadcrumb"},"inLanguage":"en-US","potentialAction":[{"@type":"ReadAction","target":["http:\/\/presscouncil-ks.org\/?page_id=97"]}]},{"@type":"BreadcrumbList","@id":"http:\/\/presscouncil-ks.org\/?page_id=97#breadcrumb","itemListElement":[{"@type":"ListItem","position":1,"name":"Home","item":"https:\/\/presscouncil-ks.org\/"},{"@type":"ListItem","position":2,"name":"Parashtro ankes\u00ebn"}]},{"@type":"WebSite","@id":"http:\/\/presscouncil-ks.org\/#website","url":"http:\/\/presscouncil-ks.org\/","name":"https:\/\/presscouncil-ks.org\/","description":"","publisher":{"@id":"http:\/\/presscouncil-ks.org\/#organization"},"potentialAction":[{"@type":"SearchAction","target":{"@type":"EntryPoint","urlTemplate":"http:\/\/presscouncil-ks.org\/?s={search_term_string}"},"query-input":{"@type":"PropertyValueSpecification","valueRequired":true,"valueName":"search_term_string"}}],"inLanguage":"en-US"},{"@type":"Organization","@id":"http:\/\/presscouncil-ks.org\/#organization","name":"K\u00ebshilli i Mediave t\u00eb Shkruara t\u00eb Kosov\u00ebs","url":"http:\/\/presscouncil-ks.org\/","logo":{"@type":"ImageObject","inLanguage":"en-US","@id":"http:\/\/presscouncil-ks.org\/#\/schema\/logo\/image\/","url":"http:\/\/presscouncil-ks.org\/wp-content\/uploads\/2023\/06\/cropped-logo.png","contentUrl":"http:\/\/presscouncil-ks.org\/wp-content\/uploads\/2023\/06\/cropped-logo.png","width":268,"height":166,"caption":"K\u00ebshilli i Mediave t\u00eb Shkruara t\u00eb Kosov\u00ebs"},"image":{"@id":"http:\/\/presscouncil-ks.org\/#\/schema\/logo\/image\/"},"sameAs":["https:\/\/www.facebook.com\/KMSHKosove"]}]}},"_links":{"self":[{"href":"http:\/\/presscouncil-ks.org\/index.php?rest_route=\/wp\/v2\/pages\/97","targetHints":{"allow":["GET"]}}],"collection":[{"href":"http:\/\/presscouncil-ks.org\/index.php?rest_route=\/wp\/v2\/pages"}],"about":[{"href":"http:\/\/presscouncil-ks.org\/index.php?rest_route=\/wp\/v2\/types\/page"}],"author":[{"embeddable":true,"href":"http:\/\/presscouncil-ks.org\/index.php?rest_route=\/wp\/v2\/users\/1"}],"replies":[{"embeddable":true,"href":"http:\/\/presscouncil-ks.org\/index.php?rest_route=%2Fwp%2Fv2%2Fcomments&post=97"}],"version-history":[{"count":14,"href":"http:\/\/presscouncil-ks.org\/index.php?rest_route=\/wp\/v2\/pages\/97\/revisions"}],"predecessor-version":[{"id":17725,"href":"http:\/\/presscouncil-ks.org\/index.php?rest_route=\/wp\/v2\/pages\/97\/revisions\/17725"}],"wp:attachment":[{"href":"http:\/\/presscouncil-ks.org\/index.php?rest_route=%2Fwp%2Fv2%2Fmedia&parent=97"}],"curies":[{"name":"wp","href":"https:\/\/api.w.org\/{rel}","templated":true}]}}